
{"id":861,"date":"2016-01-11T22:59:07","date_gmt":"2016-01-11T21:59:07","guid":{"rendered":"http:\/\/www.villagourmet.it\/?page_id=861"},"modified":"2016-01-12T15:11:31","modified_gmt":"2016-01-12T14:11:31","slug":"kunst-kultur","status":"publish","type":"page","link":"https:\/\/www.villagourmet.it\/de\/kunst-kultur\/","title":{"rendered":"Kunst &#038; Kultur"},"content":{"rendered":"<div class=\"text-justify\">Die Toskana ist weltweit f\u00fcr Ihre <strong>kulturelle und kunstgeschichtliche Vergangenheit<\/strong> bekannt. In der Tat sind diese <strong>das Aush\u00e4ngezeichen<\/strong> unserer Region. Den Besuch der Geburtsorte der gr\u00f6\u00dften K\u00fcnstler, Wissenschaftler und Schriftsteller (Galileo Galilei, Leonardo da Vinci, Michelangelo Buonarroti, Giotto, Piero della Francesca, Dante Alighieri, Giovanni Boccaccio, Niccol\u00f2 Machiavelli und viele andere) sollten Sie deshalb nicht missen.<br \/>\nIn den toskanischen Kulturst\u00e4dten Florenz, Pisa, Lucca, Siena, Volterra, Fiesole etc. findet man auch heute noch Spuren vergangener Epochen wie die etruskische Architektur r\u00f6mischer St\u00e4dte, mittelalterliche Pal\u00e4ste oder Meisterwerke der Renaissance.<br \/>\n<div class=\"su-divider su-divider-style-default\" style=\"margin:15px 0;border-width:2px;border-color:#d1d1d1\"><\/div><div class=\"su-spoiler su-spoiler-style-default su-spoiler-icon-plus su-spoiler-closed\" data-scroll-offset=\"0\" data-anchor-in-url=\"no\"><div class=\"su-spoiler-title\" tabindex=\"0\" role=\"button\"><span class=\"su-spoiler-icon\"><\/span>FLORENZ, DIE WIEGE DER RENAISSANCE<\/div><div class=\"su-spoiler-content su-u-clearfix su-u-trim\">\n<div class=\"fadeIn appear\"><a href=\"http:\/\/www.villacolombai.com\/wp-content\/uploads\/2015\/01\/Firenze_web.jpg\" rel=\"prettyPhoto[gallery1]\"><img loading=\"lazy\" decoding=\"async\" class=\"img-responsive pull-left\" style=\"padding: 7px;\" src=\"http:\/\/www.villacolombai.com\/wp-content\/uploads\/2015\/01\/Firenze_web-300x200.jpg\" alt=\"Firenze a pochi km dalla nostra villa con piscina\" width=\"300\" height=\"200\" \/><\/a><\/div>\n<p>Florenz mit seinen Museen, Pal\u00e4sten und Kirchen bietet einige der faszinierendsten Kunstsch\u00e4tze der Welt. Ber\u00fchmtes Kulturzentrum, UNESCO Welterbe-St\u00e4tte von 1982, weltbekannt als Wiege der Architektur- und Kunstgeschichte ist es zudem auch eine der sch\u00f6nsten St\u00e4dte unserer Zeit.<\/p>\n<p>Unter allen Sehensw\u00fcrdigkeiten stechen ohne Zweifel die <strong>Kathedrale Santa Maria del Fiore (Dom), <\/strong>das <strong>Baptisterium San Giovanni (Taufkirche), <\/strong>der<strong> Campanile di Giotto (Glockenturm), <\/strong>die<strong> Piazza della Signoria (Zentrum der Altstadt)<\/strong>, der<strong> Palazzo Vecchio <\/strong>und die Br\u00fccke<strong> Ponte Vecchio <\/strong>heraus. Die Kirchen<strong> Santa Maria Novella<\/strong> und <strong>Santa Croce<\/strong> gleichen Kunstgalerien und die <strong>Biblioteca Medicea Laurenziana <\/strong>zeigt das ganze architektonische K\u00f6nnen Michelangelos.<\/p>\n<p>&nbsp;<\/p>\n<p>Durch die bezaubernden Stra\u00dfen der Altstadt in Richtung des Flusses <strong>Arno<\/strong> schlendernd, erreichen Sie \u00fcber die Br\u00fccke<strong> Ponte Vecchio<\/strong> das Stadtviertel<strong> Oltrarno, <\/strong>den \u201c<strong>neueren\u201d<\/strong> Teil des alten Florenz. Hier kann man noch heute die Werkst\u00e4tten der Kunsthandwerker, Gesch\u00e4fte und lokale M\u00e4rkte antreffen, welche Ihnen die Atmosph\u00e4re und den besonderen Charakter der Stadt zeigen. W\u00e4hrend eines Tages in den G\u00e4rten <strong>Giardini di Boboli <\/strong>oder bei einem Besuch der \u00fcber der<strong> Piazzale Michelangelo <\/strong>gelegenen Kirche <strong>Chiesa di San Miniato al Monte <\/strong>k\u00f6nnen sie die herrliche Aussicht auf Florenz genie\u00dfen<strong>.<\/strong><\/p>\n<p>Als Wahrzeichen der Stadt gilt seit dem 11. Jahrhundert eine rote Schwertlilie auf wei\u00dfem Untergrund. Auch wenn die Farben in der Vergangenheit verdreht wurden, bezieht sich das Emblem auf die Blume <em>Iris Florentina<\/em> (Veilchen-Iris), welche f\u00fcr Wohlstand, Reichtum und Handel steht.<\/p>\n<p>W\u00e4hrend des Jahres gibt es zahlreiche folkloristische Veranstaltungen. Zu den wichtigsten geh\u00f6ren:<\/p>\n<p>&nbsp;<\/p>\n<p>&#8211; <strong><em>Cavalcata dei Re Magi<\/em><\/strong> <strong><em>(Reiterzug der heiligen drei K\u00f6nige am 6. Januar<\/em><\/strong>) ist ein Marsch in folkloristischen Kost\u00fcmen, welcher die Ankunft der heiligen drei K\u00f6nige in Bethlehem zeigt. Die Tradition geht bis ins 14. Jahrhundert zur\u00fcck und wurde von der Familie Medici eingef\u00fchrt.<\/p>\n<p>&#8211; <strong><em>Capodanno Fiorentino (ehemaliger Jahresanfang nach dem julianischen Kalender\/Calculus Pisanus)<\/em><\/strong> ist ein Fest, welches am 25. M\u00e4rz mit dem morgendlichen Umzug am Palazzo Vecchio beginnt und in der Piazza SS Annunziata stattfindet.<\/p>\n<p>&#8211; <strong><em>Scoppio del Carro (Explosion des Karrens)<\/em><\/strong>, ist eines der wichtigsten Ereignisse der Stadt, geht auf eine Tradition bis in das 16te Jahrhundert zur\u00fcck und findet jeden Ostersonntag statt. Eine gigantische Holzkarre in Form eines Turmes wird von zwei, mit bunten Girlanden geschm\u00fcckten Ochsen von der Via del Prato zum Domplatz, zwischen Baptisterium und Dom, gezogen. Dort steht eine Rakete in Form einer Taube, die <strong>Colombina<\/strong>, bereit, welche nach der Messe vom Altar aus in die Karre geschossen wird und ein spektakul\u00e4res Feuerwerk entz\u00fcndet.<\/p>\n<p>&#8211; <strong><em>Maggio Musicale Fiorentino<\/em><\/strong>, ist ein seit 1933 bestehendes Musikfestival und bietet von Ende April bis Anfang Juli anspruchsvolle Konzerte, Opern, Theater- und Ballettauff\u00fchrungen in verschiedenen Lokalit\u00e4ten der Stadt.<\/p>\n<p>&#8211; <strong><em>La Maggiolata, <\/em><\/strong>das antike Fr\u00fchlingsfest feierte Florenz, die Blumenstadt, am 1 Mai eines jeden Jahres (\u201cCalendimaggio\u201d). Die Feierlichkeiten mit bunten, in Fr\u00fchlingsfarben gen\u00e4hten Flaggen dauerten den ganzen Monat an. Der \u201cTrofeo Marzocco\u201d, ein Wettkampf zwischen verschiedenen historischen Gruppen, geht auf diese Festlichkeiten zur\u00fcck und findet auf der ber\u00fchmten Piazza della Signoria statt.<\/p>\n<p>&#8211; <strong><em>Palio del Baluardo (Armbrustschiessen)<\/em><\/strong>, ein Wettkampf am dritten Sonntag des Mais, mit welchem die Florentiner die kurzweilige Vertreibung der Medici am 16. Mai 1527 feiern.<\/p>\n<p>&#8211; <strong><em>Calcio Storico Fiorentino\/Festa di San Giovanni <\/em><\/strong>ist ein Wettkampf aus dem 16. Jahrhundert, welcher zu Ehren des Stadtheiligen San Giovanni Battista am 24. Juni eines jeden Jahres auf der Piazza Santa Croce ausgetragen wird. Vier Mannschaften, jede steht f\u00fcr einen Stadtteil von Florenz, k\u00e4mpfen in historischen Kost\u00fcmen in einer Mischung aus Fu\u00dfball, Rugby und Wrestling gegeneinander.<\/p>\n<p>&nbsp;<\/p>\n<p><a href=\"http:\/\/www.firenzeturismo.it\/it\/\">http:\/\/www.firenzeturismo.it\/it\/<\/a><\/p>\n<p><a href=\"http:\/\/www.firenzecard.it\/index.php?lang=it\">http:\/\/www.firenzecard.it\/index.php?lang=it<\/a><\/p>\n<p>Firenze (Zentrum) \u2013 65 km (50 min.)<br \/>\n<\/div><\/div>\n<div class=\"su-spoiler su-spoiler-style-default su-spoiler-icon-plus su-spoiler-closed\" data-scroll-offset=\"0\" data-anchor-in-url=\"no\"><div class=\"su-spoiler-title\" tabindex=\"0\" role=\"button\"><span class=\"su-spoiler-icon\"><\/span>PISA<\/div><div class=\"su-spoiler-content su-u-clearfix su-u-trim\">\n<div class=\"fadeIn appear\"><a href=\"http:\/\/www.villacolombai.com\/wp-content\/uploads\/2015\/01\/Pisa_web.jpg\" rel=\"prettyPhoto[gallery1]\"><img loading=\"lazy\" decoding=\"async\" class=\"img-responsive pull-left\" style=\"padding: 7px;\" src=\"http:\/\/www.villacolombai.com\/wp-content\/uploads\/2015\/01\/Pisa_web-300x200.jpg\" alt=\"Pisa \u00e8 vicina alla nostra villa con piscina\" width=\"300\" height=\"200\" \/><\/a><\/div>\n<p>Die durch Ihren <strong>schiefen Turm<\/strong> vielleicht ber\u00fchmteste Stadt, bietet in Ihren historischen Stadtvierteln Tramontana (Nord) und Mezzogiorno (S\u00fcd), geteilt durch den Fluss Arno, sch\u00f6ne mittelalterliche Stra\u00dfen, interessante Marktpl\u00e4tze, Gesch\u00e4fte und viele \u00f6ffentliche Einrichtungen.<\/p>\n<p>Die <strong>Piazza del Duomo<\/strong>, poetisch auch <em>\u201cPiazza dei Miracoli<\/em>\u201d (Platz der Wunder) genannt, ist der k\u00fcnstlerische und touristische Mittelpunkt der Stadt. Seit 1987 zu den UNESCO Welterbe-St\u00e4tten z\u00e4hlend, kann man dort architektonische Meisterwerke des romanischen Europas oder besser gesagt die religi\u00f6sen Monumente der Stadt, den Dom (Duomo Santa Maria Assunta), das Baptisterium (Taufkirche), den Campanile (Glockenturm) sowie den Camposanto (Friedhof) bewundern.<\/p>\n<p>&nbsp;<\/p>\n<p>An der <strong>Piazza dei Cavalieri <\/strong>steht der ehemalige Kommunalpalast<strong> Palazzo della Carovana<\/strong>, dessen Au\u00dfenfassade durch die Sgraffiti-Malereien von Giorgio Vasari verziert ist. Heute wird das Geb\u00e4ude als Hochschule<strong> (Scuola Normale Superiore) <\/strong>genutzt.<\/p>\n<p>&nbsp;<\/p>\n<p>Der <strong>Borgo Stretto, <\/strong>sch\u00f6nster Teil der Altstadt mit seinen charakteristischen, mittelalterlichen Laubeng\u00e4ngen, sowie der <strong>Corso Italia<\/strong> bilden den eigentlichen Mittelpunkt der Stadt. Dort steht die gotisch-romanische Kirche <strong>San Michele in Borgo<\/strong>, deren Urspr\u00fcnge auf das Jahr 990 zur\u00fcckgehen. Auf den umliegenden Pl\u00e4tzen finden in regelm\u00e4\u00dfigen Abst\u00e4nden mittelalterliche M\u00e4rkte statt. Dazu geh\u00f6ren Frucht- und Obstm\u00e4rkte auf den Pl\u00e4tzen <strong>Piazza delle Vettovaglie<\/strong> oder <strong>Sant\u2019Omobono<\/strong> und der antike Markt \u201c<strong>Chavoli<\/strong><strong> e le Gondole\u201d <\/strong>auf der <strong>Piazza Cairoli<\/strong> (bekannt als La Berlina), w\u00e4hrend im s\u00fcdlichen Teil, auf der <strong>Piazza Chiara Gambacorti <\/strong>(auch <strong>Piazza della Pera <\/strong>gerufen) der ber\u00fchmte Blumen- und Fischmarkt zu finden ist.<\/p>\n<p>&nbsp;<\/p>\n<p>Volksfeste und Traditionen werden in Pisa mit folgenden Ereignissen gefeiert:<\/p>\n<p>&nbsp;<\/p>\n<p>&#8211; <strong><em>Capodanno Pisano<\/em><\/strong>, der ehemalige Jahresanfang nach dem julianischen Kalender (Calculus Pisanus), beginnt am Mittag des 25 M\u00e4rzes, wenn ein Sonnenstrahl durch das Domfenster auf ein aufgestelltes Marmorei f\u00e4llt.<\/p>\n<p>&#8211; <strong><em>Luminara di San Ranieri<\/em><\/strong> (Lichterfest) findet am Abend des 16. Juni, einen Tag vor <strong>San Rainieri<\/strong> (Fest des Schutzheiligen von Pisa), statt. Die Stadt mit allen Pal\u00e4sten, Kirchen, Br\u00fccken und T\u00fcrmen entlang des Flusses Arno sowie die inneren Mauern des Domplatzes und der schiefe Turm werden mit mehr als 70.000 Lichtern geschm\u00fcckt.<\/p>\n<p>&#8211; <strong><em>Palio di San Ranieri<\/em><\/strong>, eine Regatta auf dem Arno, wird am 17 Juni, dem Tag des Schutzheiligen von Pisa, ausgef\u00fchrt. Vier Boote, jedes steht f\u00fcr einen antiken Stadtteil, treten gegeneinander an. Der Wettkampf, gegen den Strom des Flusses, w\u00fcrdigt die alte Seefahrertradition Pisas.<\/p>\n<p>&#8211; <strong><em>Gioco del Ponte<\/em><\/strong> ist ein Wagenwettkampf am letzten Samstag im Juni auf der Br\u00fccke <strong>Ponte di Mezzo, <\/strong>welche die Stadt in Nord- (Tramontana) und S\u00fcdseite (Mezzogiorno) trennt. Die bis zu 12 Stadtviertel werden in die beiden Stadtseiten aufgeteilt. M\u00e4nner des Teams Tramontana versuchen einen sieben Tonnen schweren Wagen \u00fcber die Br\u00fccke auf die s\u00fcdliche H\u00e4lfte zu schieben. Die s\u00fcdlichen Stadtviertel\u00a0(Mezzogiorno) versuchen dieses zu verhindern und den Wagen in den Norden zur\u00fcck zu bef\u00f6rdern.<\/p>\n<p>&#8211; <strong><em>Sposalizio di Pisa col Mare<\/em><\/strong> (Hochzeit zwischen Pisa und dem Meer) ist eine Seefahrertradition, welche am 6 Juli gefeiert wird. Ein Boot f\u00e4hrt auf das offene Meer und ein M\u00e4dchen, welches symbolisch f\u00fcr die Stadt Pisa steht, wirft als Hochzeitszeremonie einen Goldring ins Meer.<\/p>\n<p>&#8211; <strong><em>Regata Storica delle Antiche Repubbliche Marinare<\/em><\/strong> ist eine historisch begr\u00fcndete Regatta zwischen den antiken Seefahrerregionen Amalfi, Genua, Pisa und Venezia, welche alle vier Jahre in Pisa ausgetragen wird. In den Stra\u00dfen findet ein Umzug mit antiken Kost\u00fcmen, welche bekannte Pers\u00f6nlichkeiten der vier Regionen darstellen, statt.<\/p>\n<p>&nbsp;<\/p>\n<p><a href=\"http:\/\/www.pisaunicaterra.it\/\">http:\/\/www.pisaunicaterra.it\/<\/a><\/p>\n<p><a href=\"http:\/\/www.turismo.pisa.it\/it\/\">http:\/\/www.turismo.pisa.it\/it\/<\/a><\/p>\n<p>Pisa (Turm) \u2013 35 km (40 min)<br \/>\n<\/div><\/div>\n<div class=\"su-spoiler su-spoiler-style-default su-spoiler-icon-plus su-spoiler-closed\" data-scroll-offset=\"0\" data-anchor-in-url=\"no\"><div class=\"su-spoiler-title\" tabindex=\"0\" role=\"button\"><span class=\"su-spoiler-icon\"><\/span>LUCCA<\/div><div class=\"su-spoiler-content su-u-clearfix su-u-trim\">\n<div class=\"fadeIn appear\"><a href=\"http:\/\/www.villacolombai.com\/wp-content\/uploads\/2015\/01\/Lucca_web.jpg\" rel=\"prettyPhoto[gallery1]\"><img loading=\"lazy\" decoding=\"async\" class=\"img-responsive pull-left\" style=\"padding: 7px;\" src=\"http:\/\/www.villacolombai.com\/wp-content\/uploads\/2015\/01\/Lucca_web-300x200.jpg\" alt=\"Lucca\" width=\"300\" height=\"200\" \/><\/a><\/div>\n<p>Lucca ist eine der bekanntesten St\u00e4dte der Toskana, ber\u00fchmt f\u00fcr die intakte Stadtmauer (<strong>Cinta Muraria<\/strong> \/1504 bis 1645 erbaut), den Turm der Villa Guinigi<strong> (Torre Guinigi<\/strong>), den Uhrenturm (<strong>Torre delle Ore)<\/strong>, den Dom (<strong>Duomo di San Martino)<\/strong>, das historische Theater (<strong>Teatro del Giglio)<\/strong>, die <strong>Piazza dell\u2019Anfiteatro<\/strong> und die <strong>Piazza Napoleone<\/strong>.<\/p>\n<p>Ihre Urspr\u00fcnge gehen auf die etruskische und ligurische Zeit zur\u00fcck. Ab dem 12. Jahrhundert gewinnt die Stadt an Bedeutung und wird zur eigenst\u00e4ndigen Republik. Diesen Status beh\u00e4lt sie bis zum Anschluss an den Einheitsstaat Italiens.<\/p>\n<p>In Lucca findet man immer noch die typisch, romanischen Charakteristiken wie das<strong> Amphitheater<\/strong> in der <strong>Piazza Mercato<\/strong>, das <strong>Forum<\/strong> (Hauptplatz und politisches Zentrum einer r\u00f6mischen Stadt) auf der <strong>Piazza San Michele<\/strong> mit der romanischen Kirche <strong>San Michele in Foro <\/strong>und den offensichtlichen Aufbau des historischen Zentrums im Stil des Castrum Romanum (R\u00f6misches Milit\u00e4rlager), rechteckig mit den sich kreuzenden Mittelachsen Cardo (Nord-S\u00fcd) und Decumanus (Ost-West).<\/p>\n<p>&nbsp;<\/p>\n<p>Wegen des <strong>Volto Santo<\/strong>, einem \u00fcber 1000 Jahre alten Kruzifix im Dom San Martino, ist Lucca Etappe der <strong>Via Francigena<\/strong> (Frankenstra\u00dfe), eine der bedeutendsten europ\u00e4ischen Verkehrs- und Wallfahrtsrouten des Mittelalters, welche Pilger auf ihrem Weg nach\u00a0<a href=\"https:\/\/de.wikipedia.org\/wiki\/Rom\">Rom<\/a>\u00a0zur Grabst\u00e4tte der\u00a0<a href=\"https:\/\/de.wikipedia.org\/wiki\/Apostel\">Apostel<\/a>\u00a0<a href=\"https:\/\/de.wikipedia.org\/wiki\/Apostel_Petrus\">Petrus<\/a>\u00a0und\u00a0<a href=\"https:\/\/de.wikipedia.org\/wiki\/Apostel_Paulus\">Paulus<\/a> nutzten.<\/p>\n<p>&nbsp;<\/p>\n<p>Die hohe Anzahl mittelalterlicher, architektonisch wertvoller Kirchen gibt Lucca den Beinamen \u201cStadt der 100 Kirchen\u201d (<strong><em>citt\u00e0 dalle 100 chiese<\/em><\/strong>) und ist durch die historische Stadtmauer ein potenzieller Anw\u00e4rter auf der Liste zur Ernennung zum <strong>UNESCO-Welterbe. <\/strong><\/p>\n<p>&nbsp;<\/p>\n<p>Zwei der wichtigsten Veranstaltungen in Lucca sind das j\u00e4hrliche Festival <strong><em>Comics and Games <\/em><\/strong>Ende Oktober\/Anfang November (Comics, Animation und Illustration) und das <strong><em>Summer Festival<\/em><\/strong> auf der Piazza Napoleone im Juli, an welchem viele international bekannte Musiker teilnehmen.<\/p>\n<p><a href=\"http:\/\/www.luccatourist.it\/\">http:\/\/www.luccatourist.it\/<\/a><\/p>\n<p><a href=\"http:\/\/www.luccacomicsandgames.com\/it\/2014\/home\/\">http:\/\/www.luccacomicsandgames.com\/it\/2014\/home\/<\/a><\/p>\n<p><a href=\"http:\/\/www.summer-festival.com\/\">http:\/\/www.summer-festival.com\/<\/a><\/p>\n<p>Lucca \u2013 25 km (20 min.)<br \/>\n<\/div><\/div>\n<div class=\"su-spoiler su-spoiler-style-default su-spoiler-icon-plus su-spoiler-closed\" data-scroll-offset=\"0\" data-anchor-in-url=\"no\"><div class=\"su-spoiler-title\" tabindex=\"0\" role=\"button\"><span class=\"su-spoiler-icon\"><\/span>SIENA &amp; MONTERIGGIONI<\/div><div class=\"su-spoiler-content su-u-clearfix su-u-trim\">\n<div class=\"fadeIn appear\"><a href=\"http:\/\/www.villacolombai.com\/wp-content\/uploads\/2015\/01\/Siena_web.jpg\" rel=\"prettyPhoto[gallery1]\"><img loading=\"lazy\" decoding=\"async\" class=\"img-responsive pull-left\" style=\"padding: 7px;\" src=\"http:\/\/www.villacolombai.com\/wp-content\/uploads\/2015\/01\/Siena_web-300x200.jpg\" alt=\"Siena e Monteriggioni, due citt\u00e0 da visitare assolutamente\" width=\"300\" height=\"200\" \/><\/a><\/div>\n<p><strong>Siena<\/strong> ist eine der sch\u00f6nsten mittelalterlichen St\u00e4dte der Toskana. Die historische Altstadt geh\u00f6rt seit 1995 zum\u00a0<a href=\"https:\/\/de.wikipedia.org\/wiki\/UNESCO-Welterbe\"><strong>UNESCO-Welterbe<\/strong><\/a>. Ber\u00fchmt ist jedoch vor allem der\u00a0<a href=\"https:\/\/de.wikipedia.org\/wiki\/Palio_di_Siena\"><strong>Palio di Siena<\/strong><\/a>, ein\u00a0<a href=\"https:\/\/de.wikipedia.org\/wiki\/Pferderennen\">Pferderennen<\/a>, das j\u00e4hrlich in der Altstadt ausgetragen wird.<\/p>\n<p>&nbsp;<\/p>\n<p>Der Legende nach wurde Siena von Senio, dem Sohn von Remus, gegr\u00fcndet, weshalb man der in ganzen Stadt Statuen von Romulus und Remus finden kann. Historischen Funden nach geht die Stadt jedoch tats\u00e4chlich auf eine\u00a0<a href=\"https:\/\/de.wikipedia.org\/wiki\/Etrusker\">etruskische<\/a>\u00a0Siedlung zur\u00fcck. Dank Ihrer strategischen Lage ist Sie Teil einer der wichtigsten Handelsrouten und wird, ab ca. dem 10. Jahrhundert, eine der wichtigsten St\u00e4dte des Mittelalters.<\/p>\n<p>In der Tat findet man in Siena den Sitz der \u00e4ltesten, noch aktiven Bank der Welt, der <em>Banca Monte dei Paschi di Siena, <\/em>gegr\u00fcndet im Jahr 1472.<\/p>\n<p>&nbsp;<\/p>\n<p>Bereits seit r\u00f6mischen Zeiten bildet die <strong>Piazza del Campo<\/strong>, ein Marktplatz in einer muschelartigen Form, den Mittelpunkt der Stadt. Dort wird seit dem 16. Jahrhundert der traditionelle <a href=\"https:\/\/de.wikipedia.org\/wiki\/Palio_di_Siena\"><strong>Palio di Siena<\/strong><\/a>, jeweils am 2. Juli und 16. August eines Jahres<strong>, <\/strong>ausgetragen. Bei dem Pferderennen ohne Sattel, das eine sehr gro\u00dfe Bedeutung f\u00fcr Siena hat, treten 10 der 17 Bezirke (Contrade) der Stadt gegeneinander an.<\/p>\n<p><strong>\u00a0<\/strong><\/p>\n<p>Auf der Piazza del Campo findet man den roten <strong>Palazzo Pubblico (Stadtpalast) <\/strong>und den Turm<strong> Torre del Mangia<\/strong>, welcher zusammen mit dem <strong>Dom (Duomo di Siena) <\/strong>im 12. Jahrhunderts erbaut wurde, als Siena seinen kulturellen und wirtschaftlichen H\u00f6hepunkt erlebt. Der <strong>Palazzo Pubblico <\/strong>wird, wie in Florenz, auch heute noch genutzt.<\/p>\n<p>&nbsp;<\/p>\n<p><strong>Monteriggioni<\/strong> ist eine der bedeutendsten mittelalterlichen Ortschaften der Toskana und fast originalgetreu erhalten. Der H\u00fcgel oder die Ebene, auf welchem die Ortschaft erbaut wurde, erscheint aufgrund der Regelm\u00e4\u00dfigkeit fast k\u00fcnstlich angelegt, beruht aber auf nat\u00fcrlichem Ursprung.<\/p>\n<p>&nbsp;<\/p>\n<p>Die Befestigungsanlage \u201c<em>Mons Regionis<\/em>\u201d wurde 1214 von Siena errichtet, um die Angriffe aus dem Norden und die Macht Florenz abzuwehren sowie das umliegende Territorium und die Handelsrouten (Via Francigena und Via Cassia) kontrollieren zu k\u00f6nnen.<\/p>\n<p>&nbsp;<\/p>\n<p>Der heutige Ortskern besteht aus mittelalterlichen H\u00e4usern und einem gro\u00dfen Marktplatz, wo die Kirche<\/p>\n<p><strong>Pieve di Santa Maria Assunta <\/strong>steht. Die vollst\u00e4ndig erhaltene Stadtmauer besteht aus 14 T\u00fcrmen und 2 Toren (Porta Franca oder Romea und Porta Fiorentina), welche in Richtung Rom oder Florenz weisen.<\/p>\n<p>&nbsp;<\/p>\n<p>In diesem historischen Umfeld wird seit 1990 im Juli das Mittelalterfest von Monteriggioni <strong>\u201c<em>In Festa Monteriggioni di torri Si corona<\/em>\u201d<\/strong> gefeiert. Der Ort und die Stra\u00dfen f\u00fcllen sich dann mit K\u00fcnstlern und verkleideten Schauspielern und Volkst\u00e4nze, Musik, Theatersauff\u00fchrungen, gestellte Duelle sowie viele andere Dinge versetzen Sie in eine l\u00e4ngst vergangene Zeit zur\u00fcck. Zeitgem\u00e4\u00dfe Speisen und Getr\u00e4nke werden in Tavernen, Osterien oder an Marktst\u00e4nden angeboten. Zahlungsmittel sind mittelalterliche M\u00fcnzen, welche man gegen \u20acuro tauschen kann.<\/p>\n<p>&nbsp;<\/p>\n<p>&nbsp;<\/p>\n<p><a href=\"http:\/\/www.terresiena.it\/\">http:\/\/www.terresiena.it\/<\/a><\/p>\n<p>Siena \u2013 130 km (1 h 30 min.)<\/p>\n<p><a href=\"http:\/\/www.monteriggioniturismo.it\/it\/\">http:\/\/www.monteriggioniturismo.it\/it\/<\/a><\/p>\n<p><a href=\"http:\/\/www.monteriggionimedievale.com\/it\/\">http:\/\/www.monteriggionimedievale.com\/it\/<\/a><\/p>\n<p>Monteriggioni \u2013 114 km (1 h 20 min.)<br \/>\n<\/div><\/div>\n<div class=\"su-spoiler su-spoiler-style-default su-spoiler-icon-plus su-spoiler-closed\" data-scroll-offset=\"0\" data-anchor-in-url=\"no\"><div class=\"su-spoiler-title\" tabindex=\"0\" role=\"button\"><span class=\"su-spoiler-icon\"><\/span>AUF LEONARDOS SPUREN<\/div><div class=\"su-spoiler-content su-u-clearfix su-u-trim\">\n<div class=\"fadeIn appear\"><a href=\"http:\/\/www.villacolombai.com\/wp-content\/uploads\/2015\/01\/Leonardo-da-Vinci.jpg\" rel=\"prettyPhoto[gallery1]\"><img loading=\"lazy\" decoding=\"async\" class=\"img-responsive pull-left\" style=\"padding: 7px;\" src=\"http:\/\/www.villacolombai.com\/wp-content\/uploads\/2015\/01\/Leonardo-da-Vinci-300x200.jpg\" alt=\"L'inventore per definizione\" width=\"300\" height=\"200\" \/><\/a><\/div>\n<p>Durch den mandelf\u00f6rmigen Grundriss und Turm an ein Segelschiff erinnernd, wird <strong>Vinci<\/strong>, eine mittelalterliche Burg bzw. ein befestigtes H\u00fcgeldorf und Geburtsort von Leonardo da Vinci, traditionell auch \u201c<strong>Castello della Nave<\/strong>\u201d (Schiffsburg) genannt. Erstmals erw\u00e4hnt wurde die <strong>Burg von Vinci<\/strong> im 11. Jahrhundert.\u00a0Bis ca. 1254 war der Ort im Besitz der\u00a0Conti <a href=\"https:\/\/de.wikipedia.org\/wiki\/Guidi_(Adelsgeschlecht)\">Guidi<\/a>, danach wurde er von der\u00a0<a href=\"https:\/\/de.wikipedia.org\/wiki\/Geschichte_von_Florenz#Mittelalter\">Republik Florenz<\/a>\u00a0eingenommen und zur Gemeinde erkl\u00e4rt.<\/p>\n<p>&nbsp;<\/p>\n<p>Den historischen Ortskern Vincis bilden die Burg der Conti Guidi mit zentralem Turm und der dahinterliegende Platz mit der h\u00f6lzernen Statue, welche dem <strong><em>l\u2019Uomo vitruviano<\/em><\/strong> (<a href=\"https:\/\/de.wikipedia.org\/wiki\/Der_vitruvianische_Mensch\">Der vitruvianische Mensch<\/a>) von Leonardo da Vinci nachgebildet wurde.<\/p>\n<p>In der N\u00e4he befindet sich, im <strong>Palazzina Uzielli<\/strong>, das Museum von Leonardo da Vinci (<strong>Museo Leonardiano).<\/strong><\/p>\n<p>Einen weiteren Teil der Burg bilden die Kirche<strong> Chiesa di Santa Croce<\/strong> (Taufkirche Leonardos) und die <strong>Biblioteca Leonardiana<\/strong> (1928 gegr\u00fcndete Bibliothek mit \u00fcber 7000\u00a0<a href=\"https:\/\/de.wikipedia.org\/wiki\/Monografie\">Monografien<\/a> von Leonardo da Vinci).<\/p>\n<p>&nbsp;<\/p>\n<p>Leonardo wurde am 15. April 1452 in dem Ortsteil <strong>Anchiano<\/strong> geboren und verbrachte dort den Gro\u00dfteil seiner Jugend. Das Geburtshaus des ber\u00fchmten K\u00fcnstlers liegt in 3 km Entfernung. Man erreicht dieses \u00fcber den antiken Waldweg mit Namen \u201cstrada verde\u201d oder auch \u201cstrada panoramica\u201d.<\/p>\n<p>&nbsp;<\/p>\n<p><a href=\"http:\/\/www.vinciturismo.it\/ita\/index.php\">http:\/\/www.vinciturismo.it\/ita\/index.php<\/a><\/p>\n<p><a href=\"http:\/\/www.terredelrinascimento.it\/vinci.html\">http:\/\/www.terredelrinascimento.it\/vinci.html<\/a><\/p>\n<p><a href=\"http:\/\/www.museoleonardiano.it\/\">http:\/\/www.museoleonardiano.it\/<\/a><\/p>\n<p>Vinci \u2013 30 km (40 min.)<br \/>\n<\/div><\/div>\n<div class=\"su-spoiler su-spoiler-style-default su-spoiler-icon-plus su-spoiler-closed\" data-scroll-offset=\"0\" data-anchor-in-url=\"no\"><div class=\"su-spoiler-title\" tabindex=\"0\" role=\"button\"><span class=\"su-spoiler-icon\"><\/span>GARFAGNANA<\/div><div class=\"su-spoiler-content su-u-clearfix su-u-trim\">\n<div class=\"fadeIn appear\"><a href=\"http:\/\/www.villacolombai.com\/wp-content\/uploads\/2015\/01\/Garfagnana_web.jpg\" rel=\"prettyPhoto[gallery1]\"><img loading=\"lazy\" decoding=\"async\" class=\"img-responsive pull-left\" style=\"padding: 7px;\" src=\"http:\/\/www.villacolombai.com\/wp-content\/uploads\/2015\/01\/Garfagnana_web-300x200.jpg\" alt=\"La natura incontaminata della Garfagnana\" width=\"300\" height=\"200\" \/><\/a><\/div>\n<p>Die Garfagnana, auch <em>gr\u00fcne Insel der Toskana<\/em> genannt, liegt eingeschlossen zwischen den apuanischen Alpen und Apenninen. Der Name bedeutet sinngem\u00e4\u00df \u201cGro\u00dfer Wald\u201d. In der Tat ist sie eines der regenreichsten Gebiete Italiens und stark bewaldet mit\u00a0<a href=\"https:\/\/de.wikipedia.org\/wiki\/Edelkastanie\">Edelkastanien<\/a>,\u00a0<a href=\"https:\/\/de.wikipedia.org\/wiki\/Eichen\">Eichen<\/a>\u00a0und <a href=\"https:\/\/de.wikipedia.org\/wiki\/Pinie\">Pinien<\/a>.<\/p>\n<p>&nbsp;<\/p>\n<p>Mit Ihrem Motto \u201cWo die Zeit nicht l\u00e4uft\u201d bietet sie einen Urlaub mit Natur, Entspannung und Ruhe.<\/p>\n<p>Sie ist \u00fcbers\u00e4ht von vielen kleinen, oft wie aus dem Nichts auftauchenden Ortschaften, welche entweder in den Fels oder auf Hochebenen gebaut wurden.<\/p>\n<p>&#8211; <strong>Barga<\/strong> \u2013 Die mittelalterliche Burg, Gemeinde seit dem 12. Jahrhundert, ist eine der sch\u00f6nsten Ortschaften Italiens und wurde bereits vom ber\u00fchmten Dichter Giovanni Pascoli (1855-1912) verehrt. Im Zentrum befindet sich das Theater (<strong>Teatro dei Differenti)<\/strong>, in welchem Pascoli seine ber\u00fchmte Rede \u201d<em>La Grande Proletaria s\u2019\u00e8 mossa\u201d <\/em>hielt. Das Haus des Dichters in Castelvecchio Pascoli <strong>(<\/strong><strong>Casa Museo Pascoli)<\/strong> steht f\u00fcr Besichtigungen offen.<\/p>\n<p>&nbsp;<\/p>\n<p>&#8211; <strong>Borgo a Mozzano <\/strong>\u2013 Der mittelalterliche Ort liegt am Eingang des Serchio-Tals und war schon im Besitz der Ligurier, Etrusker und R\u00f6mer. Einige der Ortskirchen gehen bis auf das langobardische und karolingische Zeitalter zur\u00fcck und wurden im 10. bis 12. Jahrhundert wieder aufgebaut. Das Territorium wurde von der antiken Handelsroute <strong>Via Clodia<\/strong> durchquert. Wahrzeichen des Ortes ist die Br\u00fccke <strong>Ponte della Maddalena<\/strong>. Sie wird auch, wegen Ihrer k\u00fchnen Konstruktion und eine alten Legende nach, <strong>Teufelsbr\u00fccke <\/strong>genannt. Das Bauwerk stammt aus dem 14. Jahrhundert und wurde, auf den Grundrissen einer noch \u00e4lteren Konstruktion des 11. Jahrhunderts, auf Wunsch der Contessa Matilde von Canossa erbaut.<\/p>\n<p>&#8211; <strong>Castiglione di Garfagnana <\/strong>\u2013 Die Urspr\u00fcnge der kleinen Hauptstadt der Region gehen auf ein r\u00f6misches Milit\u00e4rlager (castrum) zur\u00fcck. Das <em>Castrum Leonis<\/em> (Castiglione) war das st\u00e4rkste Milit\u00e4rlager des Serchio-Tales. Sp\u00e4ter wurden die Burg und Festigung zur wichtigsten Verteidigungsanlage der Republik Lucca gegen den Herzog von Modena. Sehenswert sind die gemauerte Stadtbefestigung , die T\u00fcrme, das Stadttor sowie die Br\u00fccke.<\/p>\n<p>&#8211; <strong>Castelnuovo di Garfagnana <\/strong>\u2013 Der Ort liegt am Zusammenfluss der zwei Fl\u00fcsse Serchio und Turrite Secca. Erste Aufzeichnungen findet man in der langobardischen Epoche. Um 1300 wird Castelnuovo zum Transitzentrum des Garfagnana-Tals. Im Jahr 1430 entsagt sich die Stadt spontan vom Herrschaftsgebiet des Herzogs von Lucca und unterstellt sich dem Geschlecht der Estensi (Modena\/Ferrara) und wird dadurch Hauptstadt der Region.<\/p>\n<p>Castelnuovo ist in verschiedene Stadtviertel (\u201crioni\u201d ) aufgeteilt, die \u00e4ltesten findet man jedoch in der N\u00e4he der alten Mauer. Wahrzeichen ist das <strong>Rocca Ariostesca<\/strong>, eine interne Festung, welche den Dichter Ludovico Ariosto w\u00e4hrend seiner Regierungszeit beherbergte.<\/p>\n<p>&nbsp;<\/p>\n<p>&#8211; <strong>Coreglia Antelminelli <\/strong>\u2013 Der kleine Ort gilt ca. ab dem Jahr 1000 als wichtiges Transitzentrum des Serchio-Tals, ist aber vor allem seit dem 17t. Jahrhundert bekannt f\u00fcr dekorative\u00a0<a href=\"https:\/\/de.wikipedia.org\/wiki\/Gips\">Gipsfiguren<\/a>. Im Palazzo Vanni befindet sich das <strong>Museo della Figurina e dell\u2019Emigrante<\/strong>\u00a0(Museum der Gipsfiguren und der Emigration). Es zeigt \u00fcber 1300 Exponate, vor allem aus dem 18. und 19. Jahrhundert.<\/p>\n<p>&nbsp;<\/p>\n<p><a href=\"http:\/\/www.barga.it\/\">http:\/\/www.barga.it\/<\/a><\/p>\n<p><a href=\"http:\/\/www.borghitalia.it\/pg.base.php?id=5&amp;lang=it&amp;cod_borgo=196\">http:\/\/www.borghitalia.it\/pg.base.php?id=5&amp;lang=it&amp;cod_borgo=196<\/a><\/p>\n<p>Barga \u2013 50 km (1 h 10 min.)<\/p>\n<p><a href=\"https:\/\/sites.google.com\/site\/prolocoborgoamozzano\/\">https:\/\/sites.google.com\/site\/prolocoborgoamozzano\/<\/a><\/p>\n<p><a href=\"http:\/\/www.halloweencelebration.it\/\">http:\/\/www.halloweencelebration.it\/<\/a><\/p>\n<p>Borgo a Mozzano \u2013 34 km (40 min.)<\/p>\n<p><a href=\"http:\/\/www.castiglionegarfagnana.info\/\">http:\/\/www.castiglionegarfagnana.info\/<\/a><\/p>\n<p><a href=\"http:\/\/www.borghitalia.it\/pg.base.php?id=5&amp;cod_borgo=703\">http:\/\/www.borghitalia.it\/pg.base.php?id=5&amp;cod_borgo=703<\/a><\/p>\n<p>Castiglione di Garfagnana \u2013 65 km (1 h 10 min.)<\/p>\n<p><a href=\"http:\/\/www.castelnuovogarfagnana.org\/\">http:\/\/www.castelnuovogarfagnana.org\/<\/a> <a href=\"http:\/\/www.turismo.garfagnana.eu\/it\/visitare\/Castelnuovo-di-Garfagnana.html\">http:\/\/www.turismo.garfagnana.eu\/it\/visitare\/Castelnuovo-di-Garfagnana.html<\/a><\/p>\n<p>Castelnuovo di Garfagnana \u2013 60 km (1 h 05 min.)<\/p>\n<p><a href=\"http:\/\/www.turismo.intoscana.it\/site\/it\/localita\/Coreglia-Antelminelli\/\">http:\/\/www.turismo.intoscana.it\/site\/it\/localita\/Coreglia-Antelminelli\/<\/a><\/p>\n<p><a href=\"http:\/\/www.borghitalia.it\/pg.base.php?id=5&amp;lang=it&amp;cod_borgo=336\">http:\/\/www.borghitalia.it\/pg.base.php?id=5&amp;lang=it&amp;cod_borgo=336<\/a><\/p>\n<p>Coreglia Antelminelli \u2013 50 km (1 h 20 min.)<br \/>\n<\/div><\/div>\n<div class=\"su-spoiler su-spoiler-style-default su-spoiler-icon-plus su-spoiler-closed\" data-scroll-offset=\"0\" data-anchor-in-url=\"no\"><div class=\"su-spoiler-title\" tabindex=\"0\" role=\"button\"><span class=\"su-spoiler-icon\"><\/span>VIA FRANCIGENA \u2013 28\u00b0 Tappa Italiana (da Altopascio a San Miniato)<\/div><div class=\"su-spoiler-content su-u-clearfix su-u-trim\">\n<table>\n<tbody>\n<tr>\n<td width=\"456\">Start<\/td>\n<td width=\"456\">Altopascio &#8211; Kirche San Jacopo<\/td>\n<\/tr>\n<tr>\n<td width=\"456\">Ankunft<\/td>\n<td width=\"456\">San Miniato &#8211; Konvent San Francesco<\/td>\n<\/tr>\n<tr>\n<td width=\"456\">Gesamtl\u00e4nge<\/td>\n<td width=\"456\">29 km<\/td>\n<\/tr>\n<tr>\n<td width=\"456\">Ausf\u00fchrbar<\/td>\n<td width=\"456\">zu Fuss, mit dem Fahrrad oder zu Pferd<\/td>\n<\/tr>\n<tr>\n<td width=\"456\">Nutzbar<\/td>\n<td width=\"456\">100%<\/td>\n<\/tr>\n<tr>\n<td width=\"456\">Laufzeit<\/td>\n<td width=\"456\">5 h 40 min<\/td>\n<\/tr>\n<tr>\n<td width=\"456\">H\u00f6henunterschied aufsteigend<\/td>\n<td width=\"456\">283 m<\/td>\n<\/tr>\n<tr>\n<td width=\"456\">H\u00f6henunterschied absteigend<\/td>\n<td width=\"456\">173 m<\/td>\n<\/tr>\n<tr>\n<td width=\"456\">Quota Max<\/td>\n<td width=\"456\">130 m<\/td>\n<\/tr>\n<tr>\n<td width=\"456\">Schwierigkeitsgrad<\/td>\n<td width=\"456\">leicht<\/td>\n<\/tr>\n<tr>\n<td width=\"456\">Asphaltiert<\/td>\n<td width=\"456\">44%<\/td>\n<\/tr>\n<tr>\n<td width=\"456\">Feldwege<\/td>\n<td width=\"456\">53%<\/td>\n<\/tr>\n<tr>\n<td width=\"456\">Waldpfade<\/td>\n<td width=\"456\">3%<\/td>\n<\/tr>\n<tr>\n<td width=\"456\">Zur\u00fcck zum Ausgangspunkt<\/td>\n<td width=\"456\">Bus FS Firenze-Viareggio, Bahnhof Altopascio<\/td>\n<\/tr>\n<\/tbody>\n<\/table>\n<p><a href=\"http:\/\/www.viefrancigene.org\/en\/map\/wrap\/?id=statictrack.3.341\">Wegbeschreibung auf der Karte <\/a><\/p>\n<p>&nbsp;<\/p>\n<div class=\"fadeIn appear\"><a href=\"http:\/\/www.villacolombai.com\/wp-content\/uploads\/2015\/01\/Francigena_web.jpg\" rel=\"prettyPhoto[gallery1]\"><img loading=\"lazy\" decoding=\"async\" class=\"img-responsive pull-left\" style=\"padding: 7px;\" src=\"http:\/\/www.villacolombai.com\/wp-content\/uploads\/2015\/01\/Francigena_web-214x300.jpg\" alt=\"La Via Francigena\" width=\"214\" height=\"300\" \/><\/a><\/div>\n<p>Auf der H\u00f6he von <strong>Galleno<\/strong> findet man einen antiken, auf die Ursprungszeit der Via Francigena zur\u00fcckgehenden Pflasterweg.<\/p>\n<p>&nbsp;<\/p>\n<p>Nach der Durchquerung des Naturgebietes Le Cerbaie trifft man in <strong>Ponte a Cappiano<\/strong> auf eine alte Br\u00fccke, erbaut von der Familie Medici, welche erst k\u00fcrzlich restauriert wurde und sowohl im Mittelalter als auch heute als Unterkunft, Typ Herberge, f\u00fcr Pilger dient.<\/p>\n<p>Von Ponte a Cappiano erreicht man \u00fcber einen Deich, ein antikes, zwischenzeitlich trockengelegtes Sumpfgebiet durchlaufend, zuerst das historische Zentrum von <strong>Fucecchio<\/strong> und dann<strong> San Miniato<\/strong>, einen zu seiner Zeit einflussreichen und wohlhabenden Ort aus dem Mittelalter.<\/p>\n<p>Restaurants und Gastst\u00e4tten findet man in Villa Campanile, Chimenti, Galleno, Ponte a Cappiano und Fucecchio.<\/p>\n<p><a href=\"http:\/\/www.viefrancigene.org\/it\/\">http:\/\/www.viefrancigene.org\/it\/<\/a><\/p>\n<p><a href=\"http:\/\/www.viefrancigene.it\/\">http:\/\/www.viefrancigene.it\/<\/a><\/p>\n<p>Galleno \u2013 3 km (05 min.)<br \/>\n<\/div><\/div>\n<div class=\"su-spoiler su-spoiler-style-default su-spoiler-icon-plus su-spoiler-closed\" data-scroll-offset=\"0\" data-anchor-in-url=\"no\"><div class=\"su-spoiler-title\" tabindex=\"0\" role=\"button\"><span class=\"su-spoiler-icon\"><\/span>PUCCINI<\/div><div class=\"su-spoiler-content su-u-clearfix su-u-trim\">\n<div class=\"fadeIn appear\"><a href=\"http:\/\/www.villacolombai.com\/wp-content\/uploads\/2015\/01\/Puccini_web.jpg\" rel=\"prettyPhoto[gallery1]\"><img loading=\"lazy\" decoding=\"async\" class=\"img-responsive pull-left\" style=\"padding: 7px;\" src=\"http:\/\/www.villacolombai.com\/wp-content\/uploads\/2015\/01\/Puccini_web-200x300.jpg\" alt=\"Torre del lago Puccini\" width=\"200\" height=\"300\" \/><\/a><\/div>\n<p>Eingebettet zwischen dem See von Massaciuccoli, dem tyrrhenischem Meer, den apuanischen Alpen und dem Naturpark Migliarino-San Rossore-Massaciuccoli liegt der Ort <strong>Torre del Lago Puccini<\/strong>, auch heute noch ein beliebtes Ferienziel.<\/p>\n<p>&nbsp;<\/p>\n<p>Der Name geht auf einen Turm (Torre) aus dem 15. bis 16. Jahrhundert zur\u00fcck. 1938 wurde dieser zu Ehren des ortsans\u00e4ssigen, ber\u00fchmten Komponisten Giacomo Puccini durch dessen Nachnamen erweitert.<\/p>\n<p>In dem Freilufttheater (Teatro dei Quattromila), wenige Meter von der <strong>Villa di Puccini<\/strong>, findet seit 1930 j\u00e4hrlich das Festival \u201c<strong><em>Festival Pucciniano<\/em><\/strong>\u201d statt, in welchem die ber\u00fchmten Werke von Puccini aufgef\u00fchrt werden.<\/p>\n<p>&nbsp;<\/p>\n<p><a href=\"http:\/\/www.torredellago.com\/\">http:\/\/www.torredellago.com\/<\/a><\/p>\n<p><a href=\"http:\/\/www.giacomopuccini.it\/\">http:\/\/www.giacomopuccini.it\/<\/a><\/p>\n<p><a href=\"http:\/\/www.puccinifestival.it\/\">http:\/\/www.puccinifestival.it\/<\/a><\/p>\n<p>Torre del Lago Puccini \u2013 48 km (39 min.)<br \/>\n<\/div><\/div>\n<div class=\"su-spoiler su-spoiler-style-default su-spoiler-icon-plus su-spoiler-closed\" data-scroll-offset=\"0\" data-anchor-in-url=\"no\"><div class=\"su-spoiler-title\" tabindex=\"0\" role=\"button\"><span class=\"su-spoiler-icon\"><\/span>BOCELLI<\/div><div class=\"su-spoiler-content su-u-clearfix su-u-trim\">\n<div class=\"fadeIn appear\"><a href=\"http:\/\/www.villacolombai.com\/wp-content\/uploads\/2015\/01\/Bocelli-Silenzio.jpg\" rel=\"prettyPhoto[gallery1]\"><img loading=\"lazy\" decoding=\"async\" class=\"img-responsive pull-left\" style=\"padding: 7px;\" src=\"http:\/\/www.villacolombai.com\/wp-content\/uploads\/2015\/01\/Bocelli-Silenzio-300x200.jpg\" alt=\"Il Teatro del Silenzio dove si svolge il festival organizzato da Boccelli\" width=\"300\" height=\"200\" \/><\/a><\/div>\n<p>Das <strong>Teatro del Silenzio<\/strong> (Theater der Ruhe oder des Schweigens) bildet durch die Beschaffenheit der umliegenden Landschaft von Lajatico ein nat\u00fcrliches Amphitheater. Seit 2006 wird es auf Wunsch des ber\u00fchmten Tenors Andrea Bocelli, dessen Geburtsort Lajatico ist, einmal j\u00e4hrlich f\u00fcr Auff\u00fchrungen verwendet.<\/p>\n<p>Im Juli wird in der Mitte der Anlage eine B\u00fchne aufgebaut, welche nur f\u00fcr ein Konzert genutzt wird. Nach Abbau der Konstruktion bildet sich dort f\u00fcr den Rest des Jahres ein k\u00fcnstlicher See.<\/p>\n<p><a href=\"http:\/\/www.teatrodelsilenzio.it\/\">http:\/\/www.teatrodelsilenzio.it\/<\/a><\/p>\n<p><a href=\"http:\/\/www.lajatico.info\/TeatrodelSilenzio.htm\">http:\/\/www.lajatico.info\/TeatrodelSilenzio.htm<\/a><\/p>\n<p>Lajatico \u2013 45 km (54 min.)<br \/>\n<\/div><\/div>\n<div class=\"su-spoiler su-spoiler-style-default su-spoiler-icon-plus su-spoiler-closed\" data-scroll-offset=\"0\" data-anchor-in-url=\"no\"><div class=\"su-spoiler-title\" tabindex=\"0\" role=\"button\"><span class=\"su-spoiler-icon\"><\/span>UNESCO Weltkulturerbe-St\u00e4tten<\/div><div class=\"su-spoiler-content su-u-clearfix su-u-trim\">\n<div class=\"fadeIn appear\"><a href=\"http:\/\/www.villacolombai.com\/wp-content\/uploads\/2015\/01\/UNESCO_web.jpg\" rel=\"prettyPhoto[gallery1]\"><img loading=\"lazy\" decoding=\"async\" class=\"img-responsive pull-left\" style=\"padding: 7px;\" src=\"http:\/\/www.villacolombai.com\/wp-content\/uploads\/2015\/01\/UNESCO_web-300x200.jpg\" alt=\"Sito unesco\" width=\"300\" height=\"200\" \/><\/a><\/div>\n<p>Die Toskana gleicht mit Ihren vielf\u00e4ltigen, historischen und kulturellen Bauwerken und Ortschaften einem Freiluftmuseum. Grund genug f\u00fcr die UNESCO, sieben von diesen in die Liste der <strong>Weltkulturerbe-St\u00e4tten<\/strong> aufzunehmen:<\/p>\n<p>&nbsp;<\/p>\n<p>&#8211; <strong>Florenz \u2013 Historisches Zentrum\/Altstadt (1982) <\/strong><\/p>\n<p>&#8211; <strong>Pisa \u2013 Domplatz (1987) <\/strong><\/p>\n<p>&#8211; <strong>San Gimignano \u2013 Historisches Zentrum\/Altstadt (1990) <\/strong><\/p>\n<p>&#8211; <strong>Siena \u2013 Historisches Zentrum\/Altstadt (1995) <\/strong><\/p>\n<p>&#8211; <strong>Pienza \u2013 Historisches Zentrum\/Altstadt (1996) <\/strong><\/p>\n<p>&#8211; <strong>Val d\u2019Orcia (2004) <\/strong><\/p>\n<p>&#8211; <strong>Villen und G\u00e4rten der Medici (2013) <\/strong><\/p>\n<p>&nbsp;<\/p>\n<p><strong>San Gimignano<\/strong>, eine kleine, befestigte Bergstadt aus dem Mittelalter, liegt zwischen <strong>Florenz<\/strong> und <strong>Siena<\/strong>.<\/p>\n<p>Auf einem 300 m hohen H\u00fcgel erbaut, bietet sie einen unglaublichen Ausblick auf das umliegende Val d\u2019Elsa (Elsa-Tal). Bekannt ist der Ort durch seine Bauwerke, vor allem jedoch durch die charakteristischen, gut erhaltenen<strong> Geschlechtert\u00fcrme<\/strong>, welche seit ca. 1200 das Stadtbild pr\u00e4gen.<\/p>\n<p>Die Urspr\u00fcnge gehen vermutlich auf eine etruskische Siedlung aus dem Jahre 200 bis 300 v .Chr. zur\u00fcck.<\/p>\n<p>An der Via Francigena (Frankenstra\u00dfe) liegend, erlebt die Stadt im Mittelalter seine Bl\u00fctezeit. Sie bietet H\u00e4ndlern, Wanderern aber vor allem Pilgern, welche auf dem Hauptverkehrsweg des mittelalterlichen Italiens vom Norden nach Rom zogen, Marktst\u00e4tte und Rast.<\/p>\n<p>Die Patrizierfamilien erbauten bis zu <strong>72 Geschlechtert\u00fcrme<\/strong> als Zeichen von Macht und Reichtum. Von diesen existieren heute noch 14 und geben San Gimignano sein charakteristisches, mittelalterliches Flair.<\/p>\n<p>San Gimignano ist zudem ber\u00fchmt f\u00fcr den <strong>Wein- (Vernaccia die San Gimignano<\/strong>) und<strong> Saffrananbau<\/strong>.<\/p>\n<p>&nbsp;<\/p>\n<p><strong>Pienza <\/strong>ist ein kleines, mittelalterliches Bergdorf im Val d\u2019Orcia (Orcia-Tal). Auf Felsen erbaut, liegt es unweit der Via Cassia (antike Stra\u00dfe zwischen Florenz und Rom) in strategischer Position und bietet einen atemberaubenden Ausblick auf die umliegende Landschaft.<\/p>\n<p>Pienza ist auch bekannt als <strong>citt\u00e0 \u201c<em>ideale<\/em><\/strong>\u201d (Idealstadt) der Renaissance, gepr\u00e4gt vom bekannten Humanisten <strong>Enea Silvio Piccolomini<\/strong>, sp\u00e4ter<strong> Papst Pius II. <\/strong>Nach seiner Ernennung zum Papst beauftragte dieser den Architekten Bernardo Rosselino, seinen Geburtsort Corsignano in eine Bischofsresidenz, eine Idealstadt, zu verwandeln und \u00e4nderte dessen Namen in Pienza.<\/p>\n<p>Der Ort gilt als ein erstes Beispiel der sogenannten\u00a0<a href=\"https:\/\/de.wikipedia.org\/wiki\/Renaissance-Humanismus\">humanistischen<\/a>\u00a0Stadtplanung, eine Anregung, die andere italienische St\u00e4dte der Renaissance aufnahmen und die sich schlie\u00dflich \u00fcber ganz Europa verbreitete.<\/p>\n<p>Pienza gilt jedoch auch als Stadt des \u201c<em>cacio<\/em>\u201d, dem <strong>Pecorino di Pienza<\/strong>, einem w\u00fcrzigen Schafsk\u00e4se.<\/p>\n<p>J\u00e4hrlich im September findet die <strong>Fiera del Cacio<\/strong>, eine dem Pecorino und anderen lokalen Produkten gewidmete Messe, statt. Teil dieser Veranstaltung ist auch der <strong>Palio del Cacio Fuso, <\/strong>bei welchem die Teilnehmer verschiedener Stadtviertel (Contrada) auf dem zentralen Marktplatz (Piazza Pio II) im K\u00e4sewettrollen gegeneinander antreten.<\/p>\n<p>&nbsp;<\/p>\n<p>Das Orcia-Tal (<strong>Val d\u2019Orcia<\/strong>) verl\u00e4uft entlang der Provinzen Siena und Grosseto und gilt heute als <strong>gesch\u00fctzter, kultureller und k\u00fcnstlerischer Naturpark<\/strong>, gepr\u00e4gt durch unber\u00fchrte Natur und geschaffen durch die charakteristische H\u00fcgellandschaft von Siena, die sogenannten \u201c<strong><em>terre di Siena<\/em><\/strong>\u201d oder \u201c<strong><em>crete senesi<\/em><\/strong>\u201d.<\/p>\n<p>Bezeichnender Baum ist die Zypresse, die lokalen Spezialit\u00e4ten sind <strong>Pici<\/strong> (Nudelart), der <strong>Pecorino di Pienza<\/strong> und<\/p>\n<p>S<strong>alumi di Cinta Senese <\/strong>(Aufschnitt); die Weine sind <strong>Brunello di Montalcino<\/strong> und <strong>Vino Nobile di Montepulciano<\/strong>.<\/p>\n<p>Das \u00e4sthetisch ansprechende Landschaftsbild des Orcia-Tals lieferte K\u00fcnstlern in der\u00a0<a href=\"https:\/\/de.wikipedia.org\/wiki\/Renaissance\">Renaissance<\/a>\u00a0zahlreiche Motive f\u00fcr ihre Bilder. Die Gegend ist \u00fcbers\u00e4ht von mittelalterlichen Ortschaften, Schl\u00f6ssern und Abteien mit historischen Hintergrund wie: <strong>Castiglione d\u2019Orcia<\/strong>, <strong>San Quirico d\u2019Orcia<\/strong>, <strong>Ripa d\u2019Orcia<\/strong>, <strong>Abbadia S. Salvatore<\/strong>, <strong>Monticchiello<\/strong>, <strong>Sant\u2019Antimo<\/strong>, <strong>Montalcino<\/strong>, <strong>Montepulciano<\/strong>, <strong>Pienza, Chianciano Terme<\/strong>, <strong>Bagno Vignoni<\/strong>, <strong>Radicofani<\/strong> etc..<\/p>\n<p>&nbsp;<\/p>\n<p>Die 12 Villen und zwei 2 G\u00e4rten der Familie Medici, Adelsgeschlecht von Florenz zur Zeiten der Renaissance, wurden erst 2013 in die Liste der <strong>Weltkulturerbe-St\u00e4tten <\/strong>in der Toskana aufgenommen und beziehen sich auf die <strong>G\u00e4rten Boboli <\/strong>und<strong> Pratolino <\/strong>in Florenz sowie die<strong> Villen Medici <\/strong><strong>Careggi, La Petraia, Cerreto Guidi, Castello Poggio Imperiale <\/strong>in Florenz, <strong>Belcanto<\/strong> (Fiesole), <strong>Poggio in Caiano<\/strong> (<a href=\"http:\/\/www.italia.it\/de\/italien-entdecken\/toskana\/prato.html\">Prato<\/a>), <strong>La M\u00e0gia<\/strong> (Quarrata), <strong>Artimino <\/strong>(Carmignano), <strong>Cafaggiolo<\/strong> (Barberino di Mugello), <strong>Trebbio<\/strong> (San Pietro a Sieve) und den <strong>Palazzo Seravezza<\/strong> in\u00a0<a href=\"http:\/\/www.italia.it\/de\/reisetipps\/kunststaedte\/lucca.html\">Lucca<\/a>.<\/p>\n<p>Die Villen wurden von der Familie Medici zwischen dem 15. Und 17. Jahrhundert in Florenz und der restlichen Toskana erworben bzw. errichtet. Sie ersetzten die traditionellen Schl\u00f6sser und Burgen und geh\u00f6ren zu den wichtigsten und besten Beispielen der toskanischen Barock-Architektur in der Renaissance. Sie stehen zudem f\u00fcr die Hinwendung zur Natur und die Wiederentdeckung des antiken Baustiles. Besonders Letzteres unterscheidet sie von den toskanischen Landh\u00e4usern.<\/p>\n<p>Die Villen und G\u00e4rten stehen f\u00fcr den neuen Lebensstil der Adeligen, welcher sich, eingef\u00fchrt von der Familie Medici, \u00fcber ganz Europa ausbreitete und zeigen die f\u00fcr die im Humanismus der Renaissance typische Sensibilisierung zur Landschaftsgestaltung.<\/p>\n<p><a href=\"http:\/\/www.sangimignano.com\/\">http:\/\/www.sangimignano.com\/<\/a><\/p>\n<p>San Gimignano \u2013 65 km (1 h 15 min.)<\/p>\n<p><a href=\"http:\/\/www.pienza.info\/\">http:\/\/www.pienza.info\/<\/a><\/p>\n<p><a href=\"http:\/\/www.pienza.org\/\">http:\/\/www.pienza.org\/<\/a><\/p>\n<p><a href=\"http:\/\/www.prolocopienza.it\/\">http:\/\/www.prolocopienza.it\/<\/a><\/p>\n<p>Pienza \u2013 175 km (1 h 55 min.)<\/p>\n<p><a href=\"http:\/\/www.parcodellavaldorcia.com\/indexb.asp\">http:\/\/www.parcodellavaldorcia.com\/indexb.asp<\/a><\/p>\n<p><a href=\"http:\/\/www.valdorcia.it\/\">http:\/\/www.valdorcia.it\/<\/a><\/p>\n<p><a href=\"http:\/\/valdorcialife.it\/\">http:\/\/valdorcialife.it\/<\/a><\/p>\n<p><a href=\"http:\/\/www.terresiena.it\/it\/val-d-orcia\">http:\/\/www.terresiena.it\/it\/val-d-orcia<\/a><\/p>\n<p>Val d\u2019Orcia \u2013 140 km (2 h 15 min.)<\/p>\n<p><a href=\"http:\/\/www.regione.toscana.it\/ville-e-giardini-medicei\">http:\/\/www.regione.toscana.it\/ville-e-giardini-medicei<\/a><\/p>\n<p>Villa Medicea di Cerreto Guidi \u2013 24 km (35 min.)<br \/>\n<\/div><\/div>\n<\/div>\n","protected":false},"excerpt":{"rendered":"<p>Die Toskana ist weltweit f\u00fcr Ihre kulturelle und kunstgeschichtliche Vergangenheit bekannt. In der Tat sind diese das Aush\u00e4ngezeichen unserer Region. Den Besuch der Geburtsorte der gr\u00f6\u00dften K\u00fcnstler, Wissenschaftler und Schriftsteller (Galileo Galilei, Leonardo da Vinci, Michelangelo Buonarroti, Giotto, Piero della Francesca, Dante Alighieri, Giovanni Boccaccio, Niccol\u00f2 Machiavelli und viele andere) sollten Sie deshalb nicht missen. [&hellip;]<\/p>\n","protected":false},"author":2,"featured_media":339,"parent":0,"menu_order":0,"comment_status":"open","ping_status":"closed","template":"","meta":{"footnotes":""},"class_list":["post-861","page","type-page","status-publish","has-post-thumbnail","hentry"],"yoast_head":"<!-- This site is optimized with the Yoast SEO plugin v24.3 - https:\/\/yoast.com\/wordpress\/plugins\/seo\/ -->\n<title>Kunst &amp; Kultur | Villa Gourmet<\/title>\n<meta name=\"robots\" content=\"index, follow, max-snippet:-1, max-image-preview:large, max-video-preview:-1\" \/>\n<link rel=\"canonical\" href=\"https:\/\/www.villagourmet.it\/arte-cultura\/\" \/>\n<meta property=\"og:locale\" content=\"de_DE\" \/>\n<meta property=\"og:type\" content=\"article\" \/>\n<meta property=\"og:title\" content=\"Kunst &amp; Kultur | Villa Gourmet\" \/>\n<meta property=\"og:description\" content=\"Die Toskana ist weltweit f\u00fcr Ihre kulturelle und kunstgeschichtliche Vergangenheit bekannt. In der Tat sind diese das Aush\u00e4ngezeichen unserer Region. Den Besuch der Geburtsorte der gr\u00f6\u00dften K\u00fcnstler, Wissenschaftler und Schriftsteller (Galileo Galilei, Leonardo da Vinci, Michelangelo Buonarroti, Giotto, Piero della Francesca, Dante Alighieri, Giovanni Boccaccio, Niccol\u00f2 Machiavelli und viele andere) sollten Sie deshalb nicht missen. [&hellip;]\" \/>\n<meta property=\"og:url\" content=\"https:\/\/www.villagourmet.it\/arte-cultura\/\" \/>\n<meta property=\"og:site_name\" content=\"Villa Gourmet\" \/>\n<meta property=\"article:modified_time\" content=\"2016-01-12T14:11:31+00:00\" \/>\n<meta property=\"og:image\" content=\"https:\/\/www.villagourmet.it\/wp-content\/uploads\/2015\/01\/Arte-Cultura2.jpg\" \/>\n\t<meta property=\"og:image:width\" content=\"1920\" \/>\n\t<meta property=\"og:image:height\" content=\"540\" \/>\n\t<meta property=\"og:image:type\" content=\"image\/jpeg\" \/>\n<meta name=\"twitter:label1\" content=\"Gesch\u00e4tzte Lesezeit\" \/>\n\t<meta name=\"twitter:data1\" content=\"21\u00a0Minuten\" \/>\n<script type=\"application\/ld+json\" class=\"yoast-schema-graph\">{\"@context\":\"https:\/\/schema.org\",\"@graph\":[{\"@type\":\"WebPage\",\"@id\":\"https:\/\/www.villagourmet.it\/arte-cultura\/\",\"url\":\"https:\/\/www.villagourmet.it\/arte-cultura\/\",\"name\":\"Kunst & Kultur | Villa Gourmet\",\"isPartOf\":{\"@id\":\"http:\/\/www.villagourmet.it\/#website\"},\"primaryImageOfPage\":{\"@id\":\"https:\/\/www.villagourmet.it\/arte-cultura\/#primaryimage\"},\"image\":{\"@id\":\"https:\/\/www.villagourmet.it\/arte-cultura\/#primaryimage\"},\"thumbnailUrl\":\"https:\/\/www.villagourmet.it\/wp-content\/uploads\/2015\/01\/Arte-Cultura2.jpg\",\"datePublished\":\"2016-01-11T21:59:07+00:00\",\"dateModified\":\"2016-01-12T14:11:31+00:00\",\"breadcrumb\":{\"@id\":\"https:\/\/www.villagourmet.it\/arte-cultura\/#breadcrumb\"},\"inLanguage\":\"de\",\"potentialAction\":[{\"@type\":\"ReadAction\",\"target\":[\"https:\/\/www.villagourmet.it\/arte-cultura\/\"]}]},{\"@type\":\"ImageObject\",\"inLanguage\":\"de\",\"@id\":\"https:\/\/www.villagourmet.it\/arte-cultura\/#primaryimage\",\"url\":\"https:\/\/www.villagourmet.it\/wp-content\/uploads\/2015\/01\/Arte-Cultura2.jpg\",\"contentUrl\":\"https:\/\/www.villagourmet.it\/wp-content\/uploads\/2015\/01\/Arte-Cultura2.jpg\",\"width\":1920,\"height\":540},{\"@type\":\"BreadcrumbList\",\"@id\":\"https:\/\/www.villagourmet.it\/arte-cultura\/#breadcrumb\",\"itemListElement\":[{\"@type\":\"ListItem\",\"position\":1,\"name\":\"Home\",\"item\":\"https:\/\/www.villagourmet.it\/de\/\"},{\"@type\":\"ListItem\",\"position\":2,\"name\":\"Kunst &#038; Kultur\"}]},{\"@type\":\"WebSite\",\"@id\":\"http:\/\/www.villagourmet.it\/#website\",\"url\":\"http:\/\/www.villagourmet.it\/\",\"name\":\"Villa Gourmet\",\"description\":\"Un nuovo sito targato WordPress\",\"potentialAction\":[{\"@type\":\"SearchAction\",\"target\":{\"@type\":\"EntryPoint\",\"urlTemplate\":\"http:\/\/www.villagourmet.it\/?s={search_term_string}\"},\"query-input\":{\"@type\":\"PropertyValueSpecification\",\"valueRequired\":true,\"valueName\":\"search_term_string\"}}],\"inLanguage\":\"de\"}]}<\/script>\n<!-- \/ Yoast SEO plugin. -->","yoast_head_json":{"title":"Kunst & Kultur | Villa Gourmet","robots":{"index":"index","follow":"follow","max-snippet":"max-snippet:-1","max-image-preview":"max-image-preview:large","max-video-preview":"max-video-preview:-1"},"canonical":"https:\/\/www.villagourmet.it\/arte-cultura\/","og_locale":"de_DE","og_type":"article","og_title":"Kunst & Kultur | Villa Gourmet","og_description":"Die Toskana ist weltweit f\u00fcr Ihre kulturelle und kunstgeschichtliche Vergangenheit bekannt. In der Tat sind diese das Aush\u00e4ngezeichen unserer Region. Den Besuch der Geburtsorte der gr\u00f6\u00dften K\u00fcnstler, Wissenschaftler und Schriftsteller (Galileo Galilei, Leonardo da Vinci, Michelangelo Buonarroti, Giotto, Piero della Francesca, Dante Alighieri, Giovanni Boccaccio, Niccol\u00f2 Machiavelli und viele andere) sollten Sie deshalb nicht missen. [&hellip;]","og_url":"https:\/\/www.villagourmet.it\/arte-cultura\/","og_site_name":"Villa Gourmet","article_modified_time":"2016-01-12T14:11:31+00:00","og_image":[{"width":1920,"height":540,"url":"https:\/\/www.villagourmet.it\/wp-content\/uploads\/2015\/01\/Arte-Cultura2.jpg","type":"image\/jpeg"}],"twitter_misc":{"Gesch\u00e4tzte Lesezeit":"21\u00a0Minuten"},"schema":{"@context":"https:\/\/schema.org","@graph":[{"@type":"WebPage","@id":"https:\/\/www.villagourmet.it\/arte-cultura\/","url":"https:\/\/www.villagourmet.it\/arte-cultura\/","name":"Kunst & Kultur | Villa Gourmet","isPartOf":{"@id":"http:\/\/www.villagourmet.it\/#website"},"primaryImageOfPage":{"@id":"https:\/\/www.villagourmet.it\/arte-cultura\/#primaryimage"},"image":{"@id":"https:\/\/www.villagourmet.it\/arte-cultura\/#primaryimage"},"thumbnailUrl":"https:\/\/www.villagourmet.it\/wp-content\/uploads\/2015\/01\/Arte-Cultura2.jpg","datePublished":"2016-01-11T21:59:07+00:00","dateModified":"2016-01-12T14:11:31+00:00","breadcrumb":{"@id":"https:\/\/www.villagourmet.it\/arte-cultura\/#breadcrumb"},"inLanguage":"de","potentialAction":[{"@type":"ReadAction","target":["https:\/\/www.villagourmet.it\/arte-cultura\/"]}]},{"@type":"ImageObject","inLanguage":"de","@id":"https:\/\/www.villagourmet.it\/arte-cultura\/#primaryimage","url":"https:\/\/www.villagourmet.it\/wp-content\/uploads\/2015\/01\/Arte-Cultura2.jpg","contentUrl":"https:\/\/www.villagourmet.it\/wp-content\/uploads\/2015\/01\/Arte-Cultura2.jpg","width":1920,"height":540},{"@type":"BreadcrumbList","@id":"https:\/\/www.villagourmet.it\/arte-cultura\/#breadcrumb","itemListElement":[{"@type":"ListItem","position":1,"name":"Home","item":"https:\/\/www.villagourmet.it\/de\/"},{"@type":"ListItem","position":2,"name":"Kunst &#038; Kultur"}]},{"@type":"WebSite","@id":"http:\/\/www.villagourmet.it\/#website","url":"http:\/\/www.villagourmet.it\/","name":"Villa Gourmet","description":"Un nuovo sito targato WordPress","potentialAction":[{"@type":"SearchAction","target":{"@type":"EntryPoint","urlTemplate":"http:\/\/www.villagourmet.it\/?s={search_term_string}"},"query-input":{"@type":"PropertyValueSpecification","valueRequired":true,"valueName":"search_term_string"}}],"inLanguage":"de"}]}},"_links":{"self":[{"href":"https:\/\/www.villagourmet.it\/de\/wp-json\/wp\/v2\/pages\/861","targetHints":{"allow":["GET"]}}],"collection":[{"href":"https:\/\/www.villagourmet.it\/de\/wp-json\/wp\/v2\/pages"}],"about":[{"href":"https:\/\/www.villagourmet.it\/de\/wp-json\/wp\/v2\/types\/page"}],"author":[{"embeddable":true,"href":"https:\/\/www.villagourmet.it\/de\/wp-json\/wp\/v2\/users\/2"}],"replies":[{"embeddable":true,"href":"https:\/\/www.villagourmet.it\/de\/wp-json\/wp\/v2\/comments?post=861"}],"version-history":[{"count":4,"href":"https:\/\/www.villagourmet.it\/de\/wp-json\/wp\/v2\/pages\/861\/revisions"}],"predecessor-version":[{"id":968,"href":"https:\/\/www.villagourmet.it\/de\/wp-json\/wp\/v2\/pages\/861\/revisions\/968"}],"wp:featuredmedia":[{"embeddable":true,"href":"https:\/\/www.villagourmet.it\/de\/wp-json\/wp\/v2\/media\/339"}],"wp:attachment":[{"href":"https:\/\/www.villagourmet.it\/de\/wp-json\/wp\/v2\/media?parent=861"}],"curies":[{"name":"wp","href":"https:\/\/api.w.org\/{rel}","templated":true}]}}